{"id":7,"date":"2022-09-18T10:57:04","date_gmt":"2022-09-18T10:57:04","guid":{"rendered":"http:\/\/kseroreda.pl\/index.php\/homepage\/"},"modified":"2026-01-08T16:25:29","modified_gmt":"2026-01-08T16:25:29","slug":"homepage","status":"publish","type":"page","link":"https:\/\/kseroreda.pl\/","title":{"rendered":"Ksero Reda &#8211; Oferta Us\u0142ug Druku &#038; Ksero"},"content":{"rendered":"\n<div style=\"background-color:#0b0b0b;padding-left:5%;padding-right:5%;padding-bottom:18%;padding-top:18%\" class=\"wp-block-genesis-blocks-gb-container alignfull gb-layout-hero-1 gb-block-container alignfull\"><div class=\"gb-container-inside\"><div class=\"gb-container-image-wrap\"><img decoding=\"async\" class=\"gb-container-image has-background-dim\" object-fit=\"cover\"  src=\"https:\/\/kseroreda.pl\/wp-content\/uploads\/2023\/07\/bg-2.jpg\" alt=\"\"\/><\/div><div class=\"gb-container-content\" style=\"max-width:850px\">\n<h1 class=\"wp-block-heading has-text-align-center has-white-color has-text-color\" style=\"font-size:54px\"><strong>Us\u0142ugi Druku &amp; Ksero<\/strong> <strong>Reda<\/strong><\/h1>\n\n\n\n<h2 class=\"wp-block-heading has-text-align-center has-quaternary-color has-text-color\" style=\"font-size:40px\">Zakres naszych us\u0142ug:<\/h2>\n\n\n\n<h2 class=\"wp-block-heading has-text-align-center has-quaternary-color has-text-color has-huge-font-size\">DRUK I KSERO<\/h2>\n\n\n\n<div class=\"wp-block-buttons is-content-justification-center is-layout-flex wp-container-core-buttons-is-layout-16018d1d wp-block-buttons-is-layout-flex\">\n<div class=\"wp-block-button gb-block-button\"><a class=\"wp-block-button__link has-text-color has-background has-custom-font-size wp-element-button\" href=\"#oferta\" style=\"border-radius:5px;color:#ffffff;background-color:#3373dc;padding-top:10px;padding-right:1em;padding-bottom:10px;padding-left:1em;font-size:20px;line-height:1.2\">Oferta<\/a><\/div>\n<\/div>\n<\/div><\/div><\/div>\n\n\n\n<p><\/p>\n\n\n\n<hr class=\"wp-block-separator has-text-color has-quaternary-color has-alpha-channel-opacity has-quaternary-background-color has-background\" id=\"oferta\"\/>\n\n\n\n<div id=\"oferta\" class=\"wp-block-genesis-blocks-gb-columns gb-layout-service-3 gb-layout-columns-2 gb-2-col-equal gb-columns-center alignfull\" style=\"padding-top:5%;padding-right:5%;padding-bottom:5%;padding-left:5%\"><div class=\"gb-layout-column-wrap gb-block-layout-column-gap-5 gb-is-responsive-column\" style=\"max-width:1200px\">\n<div class=\"wp-block-genesis-blocks-gb-column gb-block-layout-column\"><div class=\"gb-block-layout-column-inner\">\n<figure class=\"wp-block-image size-full\"><img loading=\"lazy\" decoding=\"async\" width=\"600\" height=\"900\" src=\"https:\/\/kseroreda.pl\/wp-content\/uploads\/2023\/07\/wydruki-xero.jpg\" alt=\"\" class=\"wp-image-221\" srcset=\"https:\/\/kseroreda.pl\/wp-content\/uploads\/2023\/07\/wydruki-xero.jpg 600w, https:\/\/kseroreda.pl\/wp-content\/uploads\/2023\/07\/wydruki-xero-200x300.jpg 200w\" sizes=\"auto, (max-width: 600px) 100vw, 600px\" \/><\/figure>\n<\/div><\/div>\n\n\n\n<div class=\"wp-block-genesis-blocks-gb-column gb-block-layout-column gb-is-vertically-aligned-center\"><div class=\"gb-block-layout-column-inner\">\n<p><\/p>\n\n\n\n<p><\/p>\n\n\n\n<h1 class=\"wp-block-heading\" style=\"font-size:54px\"><strong>Reda <\/strong><br><strong>DRUK I KSERO<\/strong><\/h1>\n\n\n\n<p class=\"has-large-font-size\">Jeste\u015bmy profesjonaln\u0105 firm\u0105 \u015bwiadcz\u0105c\u0105 us\u0142ugi z zakresu druku, skanowania i kopiowania. <\/p>\n\n\n\n<p class=\"has-large-font-size\">Nasza firma wyr\u00f3\u017cnia si\u0119 wysok\u0105 jako\u015bci\u0105 wykonania oraz atrakcyjnymi cenami. <\/p>\n\n\n\n<p class=\"has-large-font-size\">Zale\u017cy nam na zadowoleniu naszych klient\u00f3w, dlatego oferujemy szybki czas realizacji wi\u0119kszo\u015bci us\u0142ug. <\/p>\n\n\n\n<p class=\"has-large-font-size\">Wiele z nich jeste\u015bmy w stanie wykona\u0107 od r\u0119ki.&nbsp;<\/p>\n\n\n\n<p class=\"has-large-font-size\"><a href=\"https:\/\/goo.gl\/maps\/Up2PjUhQWUHo2EHS7\">Zapraszamy do naszego salonu w Redzie na ulicy Adama Mickiewicza 7<\/a>.<\/p>\n<\/div><\/div>\n<\/div><\/div>\n\n\n\n<hr class=\"wp-block-separator has-alpha-channel-opacity\" id=\"cennik\"\/>\n\n\n\n<div id=\"oferta\" class=\"wp-block-genesis-blocks-gb-columns gb-layout-service-3 gb-layout-columns-2 gb-2-col-equal gb-columns-center alignfull\" style=\"padding-top:5%;padding-right:5%;padding-bottom:5%;padding-left:5%\"><div class=\"gb-layout-column-wrap gb-block-layout-column-gap-5 gb-is-responsive-column\" style=\"max-width:1200px\">\n<div class=\"wp-block-genesis-blocks-gb-column gb-block-layout-column\"><div class=\"gb-block-layout-column-inner\">\n<figure class=\"wp-block-image size-full\"><img loading=\"lazy\" decoding=\"async\" width=\"600\" height=\"900\" src=\"https:\/\/kseroreda.pl\/wp-content\/uploads\/2023\/07\/wydruki-xero-2-1.jpg\" alt=\"\" class=\"wp-image-223\" srcset=\"https:\/\/kseroreda.pl\/wp-content\/uploads\/2023\/07\/wydruki-xero-2-1.jpg 600w, https:\/\/kseroreda.pl\/wp-content\/uploads\/2023\/07\/wydruki-xero-2-1-200x300.jpg 200w\" sizes=\"auto, (max-width: 600px) 100vw, 600px\" \/><\/figure>\n\n\n\n<p><\/p>\n\n\n\n<figure class=\"wp-block-image size-large\"><img loading=\"lazy\" decoding=\"async\" width=\"1024\" height=\"683\" src=\"https:\/\/kseroreda.pl\/wp-content\/uploads\/2025\/03\/slub-wesele-fotograf-20-9-1-1024x683.jpg\" alt=\"\" class=\"wp-image-267\" srcset=\"https:\/\/kseroreda.pl\/wp-content\/uploads\/2025\/03\/slub-wesele-fotograf-20-9-1-1024x683.jpg 1024w, https:\/\/kseroreda.pl\/wp-content\/uploads\/2025\/03\/slub-wesele-fotograf-20-9-1-300x200.jpg 300w, https:\/\/kseroreda.pl\/wp-content\/uploads\/2025\/03\/slub-wesele-fotograf-20-9-1-768x512.jpg 768w, https:\/\/kseroreda.pl\/wp-content\/uploads\/2025\/03\/slub-wesele-fotograf-20-9-1-1536x1024.jpg 1536w, https:\/\/kseroreda.pl\/wp-content\/uploads\/2025\/03\/slub-wesele-fotograf-20-9-1-600x400.jpg 600w, https:\/\/kseroreda.pl\/wp-content\/uploads\/2025\/03\/slub-wesele-fotograf-20-9-1.jpg 1920w\" sizes=\"auto, (max-width: 1024px) 100vw, 1024px\" \/><\/figure>\n\n\n\n<p><\/p>\n\n\n\n<h3 class=\"wp-block-heading\"><strong>Fotografie do dokument\u00f3w<\/strong><\/h3>\n\n\n\n<p><strong>Paszport \/ dow\u00f3d osobisty \/ prawo jazdy \/ legitymacja \/ karta pobytu&nbsp;<\/strong><\/p>\n\n\n\n<p><strong>3,5\u00d74,5 cm 8 szt.-42 z\u0142&nbsp;<\/strong><\/p>\n\n\n\n<p><strong>Dyplom 4.5\u00d76,5 cm 4 szt. \u2013 45 z\u0142 <\/strong><br><strong>Dyplom 4.5\u00d76,5 cm 8 szt. \u2013 55 z\u0142 <\/strong><br><strong>Dyplom 6\u00d79 cm 2 szt. \u2013 42 z\u0142 <\/strong><br><strong>USA wiza \u2013 42 z\u0142<\/strong><\/p>\n\n\n\n<p><strong>dodatkowy komplet &#8211; 4 sztuki \u2013 10 z\u0142<\/strong><\/p>\n\n\n\n<h3 class=\"wp-block-heading\"><strong>Odbitki<\/strong><\/h3>\n\n\n\n<figure class=\"wp-block-table\"><table class=\"has-fixed-layout\"><tbody><tr><td>&nbsp;<\/td><td>1-10 szt.<\/td><td>11-20 szt.<\/td><td>21-50 szt.<\/td><td>51-100 szt<\/td><\/tr><tr><td>10x15cm<\/td><td>2.00 z\u0142<\/td><td>1.50 z\u0142<\/td><td>1.00 z\u0142<\/td><td>0.90 z\u0142<\/td><\/tr><tr><td>13x18cm<\/td><td>3.00 z\u0142<\/td><td>2.50 z\u0142<\/td><td>1.80 z\u0142<\/td><td>1.60 z\u0142<\/td><\/tr><tr><td>15x21cm<\/td><td>3.50 z\u0142<\/td><td>3.00 z\u0142<\/td><td>2.20 z\u0142<\/td><td>2.00 z\u0142<\/td><\/tr><tr><td>21x30cm<\/td><td>12.00 z\u0142<\/td><td>11.00 z\u0142<\/td><td>9.00 z\u0142<\/td><td>8.00 z\u0142<\/td><\/tr><tr><td>30x42cm<\/td><td>30.00 z\u0142<\/td><td>28.00 z\u0142<\/td><td>26.00 z\u0142<\/td><td>25.00 z\u0142<\/td><\/tr><\/tbody><\/table><\/figure>\n\n\n\n<p>Dost\u0119pne formaty 15&#215;20, 20&#215;30, 33&#215;48 cm<\/p>\n\n\n\n<figure class=\"wp-block-image size-large\"><img loading=\"lazy\" decoding=\"async\" width=\"1024\" height=\"683\" src=\"https:\/\/kseroreda.pl\/wp-content\/uploads\/2025\/03\/sesja-fotograficzna-portret-138-1-1024x683.jpg\" alt=\"\" class=\"wp-image-268\" srcset=\"https:\/\/kseroreda.pl\/wp-content\/uploads\/2025\/03\/sesja-fotograficzna-portret-138-1-1024x683.jpg 1024w, https:\/\/kseroreda.pl\/wp-content\/uploads\/2025\/03\/sesja-fotograficzna-portret-138-1-300x200.jpg 300w, https:\/\/kseroreda.pl\/wp-content\/uploads\/2025\/03\/sesja-fotograficzna-portret-138-1-768x512.jpg 768w, https:\/\/kseroreda.pl\/wp-content\/uploads\/2025\/03\/sesja-fotograficzna-portret-138-1-1536x1025.jpg 1536w, https:\/\/kseroreda.pl\/wp-content\/uploads\/2025\/03\/sesja-fotograficzna-portret-138-1-600x400.jpg 600w, https:\/\/kseroreda.pl\/wp-content\/uploads\/2025\/03\/sesja-fotograficzna-portret-138-1.jpg 1920w\" sizes=\"auto, (max-width: 1024px) 100vw, 1024px\" \/><\/figure>\n<\/div><\/div>\n\n\n\n<div class=\"wp-block-genesis-blocks-gb-column gb-block-layout-column gb-is-vertically-aligned-center\"><div class=\"gb-block-layout-column-inner\">\n<h3 class=\"wp-block-heading\"><strong>Ksero Wydruk<\/strong><\/h3>\n\n\n\n<p><strong><em>Czer\u0144 i biel\u00a0Papier 80g<\/em><\/strong> <\/p>\n\n\n\n<p><strong><em>format<\/em><\/strong><strong><br>A4 -1\/0,75 z\u0142 powy\u017cej 50 sztuk -0,5 z\u0142<\/strong><\/p>\n\n\n\n<p><strong>A3 -2\/ 1.5 z\u0142 powy\u017cej 50 szt. -1.25 z\u0142<\/strong><\/p>\n\n\n\n<p><strong>A2 &#8211; 5 z\u0142<\/strong><\/p>\n\n\n\n<p><strong>A1 &#8211; 7,5 z\u0142<\/strong><\/p>\n\n\n\n<p><strong>Papier<\/strong><\/p>\n\n\n\n<p><strong>90g satyna<\/strong><\/p>\n\n\n\n<p><strong>format A4 &#8211; 1.5 z\u0142<\/strong><\/p>\n\n\n\n<p><strong>A3 \u2013 2 z\u0142<\/strong><\/p>\n\n\n\n<p><strong>160g, 250g satyna<\/strong><\/p>\n\n\n\n<p><strong>3 z\u0142<\/strong><br><\/p>\n\n\n\n<p><strong><em>Kolor\u00a0<\/em><\/strong> <strong><em>papier 80g<\/em><\/strong><\/p>\n\n\n\n<p><strong><em>format<\/em><\/strong><\/p>\n\n\n\n<p><strong>A4 -2\/1,5 z\u0142 powy\u017cej 50 sztuk -1,25 z\u0142<\/strong><\/p>\n\n\n\n<p><strong>A3 -3,5\/ 3 z\u0142 powy\u017cej 50 szt. -2,50 z\u0142<\/strong><\/p>\n\n\n\n<p><strong>A2 \u2013 10 z\u0142<\/strong><\/p>\n\n\n\n<p><strong>A1 \u2013 15 z\u0142<\/strong><\/p>\n\n\n\n<p><strong>Papier&nbsp;<\/strong><\/p>\n\n\n\n<p><strong>90g satyna<\/strong><\/p>\n\n\n\n<p><strong><em>format<\/em><\/strong><\/p>\n\n\n\n<p><strong>A4-2,5 z\u0142<\/strong><\/p>\n\n\n\n<p><strong>A3-3,5 z\u0142<\/strong><\/p>\n\n\n\n<p><strong>160g, 250g satyna<\/strong><\/p>\n\n\n\n<p><strong><em>&nbsp;format<\/em><\/strong><\/p>\n\n\n\n<p><strong>A4-3 z\u0142<\/strong><\/p>\n\n\n\n<p><strong>A3-6 z\u0142<\/strong><\/p>\n\n\n\n<h3 class=\"wp-block-heading\"><strong>Plakaty&nbsp;<\/strong><\/h3>\n\n\n\n<p><strong>Papier powlekany 90,120,160,180 gram, druk na ploterze.<\/strong><\/p>\n\n\n\n<figure class=\"wp-block-table\"><table class=\"has-fixed-layout\"><tbody><tr><td><strong>FORMAT<\/strong><\/td><td><strong>90g<\/strong><\/td><td><strong>120g<\/strong><\/td><td><strong>160g<\/strong><\/td><td><strong>180g<\/strong><\/td><\/tr><tr><td><strong>A1<\/strong><\/td><td>50.00 z\u0142<\/td><td>70.00 z\u0142<\/td><td>80.00 z\u0142<\/td><td>90.00 z\u0142<\/td><\/tr><tr><td><strong>A2<\/strong><\/td><td>25.00 z\u0142<\/td><td>35.00 z\u0142<\/td><td>40.00 z\u0142<\/td><td>45.00 z\u0142<\/td><\/tr><\/tbody><\/table><\/figure>\n\n\n\n<h3 class=\"wp-block-heading\"><strong>Skanowanie rysunk\u00f3w, projekt\u00f3w (<\/strong><strong>kolor<\/strong><strong>, czer\u0144 i biel)<\/strong><\/h3>\n\n\n\n<p><strong>-przy wi\u0119kszych ilo\u015bciach rabat-<\/strong><\/p>\n\n\n\n<p><strong><em>format<\/em><\/strong><\/p>\n\n\n\n<p><strong>A4-2 z\u0142<\/strong><\/p>\n\n\n\n<p><strong>A3-3 z\u0142<\/strong><\/p>\n\n\n\n<p><strong>A2-4 z\u0142<\/strong><\/p>\n\n\n\n<p><strong>A1-8 z\u0142<\/strong><\/p>\n\n\n\n<p><strong>Skanowanie fotografii (odbitek)<\/strong><\/p>\n\n\n\n<p><strong><em>&nbsp;format <\/em><\/strong><strong>10&#215;15 do 15&#215;21 cm 2 z\u0142<\/strong><\/p>\n\n\n\n<p><strong>Przy wi\u0119kszych ilo\u015bciach :<\/strong><\/p>\n\n\n\n<p><strong>powy\u017cej 10 sztuk &#8211; 1, 5 z\u0142 za sztuk\u0119<\/strong><\/p>\n\n\n\n<p><strong>powy\u017cej 50 sztuk &#8211; 1 z\u0142<\/strong><\/p>\n\n\n\n<p><strong>powy\u017cej 100 sztuk &#8211; 0,7 z\u0142<\/strong><\/p>\n\n\n\n<h3 class=\"wp-block-heading\"><strong>Skanowanie slajd\u00f3w i negatyw\u00f3w<\/strong><\/h3>\n\n\n\n<p><strong>5z\u0142 za klatk\u0119 ( opcja usuwania rys i kurzu w cenie)<\/strong><\/p>\n\n\n\n<p><strong>Powy\u017cej jednej sztuki 3 z\u0142 za klatk\u0119<\/strong><\/p>\n\n\n\n<h3 class=\"wp-block-heading\"><strong>Laminowanie<\/strong><\/h3>\n\n\n\n<p><strong><em>format A4&nbsp;<\/em><\/strong><\/p>\n\n\n\n<p><strong>folia 80mic- 5z\u0142<\/strong><\/p>\n\n\n\n<p><strong>250mic &#8211; 10 z\u0142<\/strong><\/p>\n\n\n\n<p><strong>80mic samoprzylepna &#8211; 10 z\u0142<\/strong><\/p>\n\n\n\n<p><strong>80mic jednostronnie matowa &#8211; 7 z\u0142<\/strong><\/p>\n\n\n\n<p><strong><em>format A3<\/em><\/strong><\/p>\n\n\n\n<p><strong>folia 80mic \u2013 10 z\u0142<\/strong><\/p>\n\n\n\n<p><strong>250mic \u2013 20 z\u0142<\/strong><\/p>\n\n\n\n<p><strong><em>format A5<\/em><\/strong><\/p>\n\n\n\n<p><strong>Folia 80mic &#8211; 4 z\u0142<\/strong><\/p>\n\n\n\n<p><strong>Folia matowa &#8211; 5 z\u0142<\/strong><\/p>\n\n\n\n<p><strong><em>format A6&nbsp;<\/em><\/strong><\/p>\n\n\n\n<p><strong>folia 250 mic &#8211; 5 z\u0142<\/strong><\/p>\n\n\n\n<p><strong>format 54mmx86mm &#8211; 80,100,125,250 mic &#8211; 4 z\u0142<\/strong><\/p>\n\n\n\n<h3 class=\"wp-block-heading\"><strong>Bindowanie&nbsp;<\/strong><\/h3>\n\n\n\n<p><strong>do 100 kartek &#8211; 10 z\u0142&nbsp;<\/strong><\/p>\n\n\n\n<p><strong>powy\u017cej 100 kartek &#8211; 15 z\u0142<\/strong><\/p>\n<\/div><\/div>\n<\/div><\/div>\n\n\n\n<hr class=\"wp-block-separator has-alpha-channel-opacity\" id=\"ceramika\"\/>\n\n\n\n<div id=\"kontakt\" class=\"wp-block-genesis-blocks-gb-columns gb-slate-section-contact-columns gpb-slate-contact-columns gb-layout-columns-1 one-column gb-has-custom-background-color gb-has-custom-text-color alignfull\" style=\"padding-top:6em;padding-right:1em;padding-bottom:6em;padding-left:1em;background-color:#fcfcfc;color:#1f1f1f\"><div class=\"gb-layout-column-wrap gb-block-layout-column-gap-2 gb-is-responsive-column\">\n<div class=\"wp-block-genesis-blocks-gb-column gb-block-layout-column\"><div class=\"gb-block-layout-column-inner\">\n<div id=\"kontakt\" class=\"wp-block-genesis-blocks-gb-columns gb-layout-columns-2 gb-2-col-equal gb-columns-center alignfull\"><div class=\"gb-layout-column-wrap gb-block-layout-column-gap-3 gb-is-responsive-column\" style=\"max-width:1200px\">\n<div class=\"wp-block-genesis-blocks-gb-column gb-block-layout-column gb-is-vertically-aligned-top\"><div class=\"gb-block-layout-column-inner\">\n<h3 class=\"wp-block-heading\" id=\"kontakt\"><strong>Z ch\u0119ci\u0105 odpowiemy na wszystkie Twoje pytania!<\/strong><\/h3>\n\n\n\n<h4 class=\"wp-block-heading\">Spotkajmy si\u0119 w naszym salonie&nbsp;w Redzie<br>albo napisz do nas email lub zadzwo\u0144.<\/h4>\n\n\n\n<h6 class=\"wp-block-heading\"><\/h6>\n\n\n\n<div class=\"wp-block-buttons is-layout-flex wp-block-buttons-is-layout-flex\">\n<div class=\"wp-block-button\"><a class=\"wp-block-button__link has-text-color has-background wp-element-button\" href=\"http:\/\/goo.gl\/maps\/Up2PjUhQWUHo2EHS7\" style=\"border-radius:4px;color:#ffffff;background-color:#006CD8\" target=\"_blank\" rel=\"noreferrer noopener\"><strong>Lokalizacja<\/strong><\/a><\/div>\n<\/div>\n\n\n\n<div style=\"height:20px\" aria-hidden=\"true\" class=\"wp-block-spacer\"><\/div>\n<\/div><\/div>\n\n\n\n<div class=\"wp-block-genesis-blocks-gb-column gb-block-layout-column gb-is-vertically-aligned-top\"><div class=\"gb-block-layout-column-inner\">\n<div class=\"wp-block-genesis-blocks-gb-columns gb-layout-columns-2 gb-2-col-equal\"><div class=\"gb-layout-column-wrap gb-block-layout-column-gap-2 gb-is-responsive-column\">\n<div class=\"wp-block-genesis-blocks-gb-column gb-block-layout-column\"><div class=\"gb-block-layout-column-inner\">\n<h3 class=\"wp-block-heading has-text-color\" style=\"color:#1f1f1f;font-size:26px\"><strong>Fotograf Reda<\/strong> <br>Ksero i wydruki<\/h3>\n\n\n\n<p>Zapraszam w godz. 9-18 pon.-pt.<\/p>\n\n\n\n<h4 class=\"wp-block-heading has-text-color\" style=\"color:#1f1f1f;font-size:26px\"><a href=\"https:\/\/goo.gl\/maps\/Up2PjUhQWUHo2EHS7\">Adama Mickiewicza 7<\/a><br>84-240 Reda<\/h4>\n\n\n\n<p><a href=\"https:\/\/www.instagram.com\/fotografreda\/\" target=\"_blank\" rel=\"noopener\" data-ps2id-api=\"true\"><img decoding=\"async\" src=\"https:\/\/kseroreda.pl\/wp-content\/uploads\/2023\/02\/instagram.png\" alt=\"instagram\"> instagram<\/a> &nbsp; <a href=\"https:\/\/www.facebook.com\/FotografReda\" target=\"_blank\" rel=\"noopener\" data-ps2id-api=\"true\"><img decoding=\"async\" src=\"https:\/\/kseroreda.pl\/wp-content\/uploads\/2023\/02\/facebook.png\" alt=\"facebook\"> facebook<\/a><\/p>\n<\/div><\/div>\n\n\n\n<div class=\"wp-block-genesis-blocks-gb-column gb-block-layout-column\"><div class=\"gb-block-layout-column-inner\">\n<h4 class=\"wp-block-heading\"><strong>Tel<\/strong><br><a href=\"tel:+48609181456\">+48 609 181 456<\/a><\/h4>\n\n\n\n<h4 class=\"wp-block-heading\"><strong>Email<\/strong><br><a href=\"mailto:info@fotoreda.pl\">info@fotoreda.pl<\/a><\/h4>\n<\/div><\/div>\n<\/div><\/div>\n\n\n\n<br><br><strong>Godziny otwarcia<\/strong><br>\nponiedzia\u0142ek\t09:00\u201318:00<br>\nwtorek\t09:00\u201318:00<br>\n\u015broda\t09:00\u201318:00<br>\nczwartek\t09:00\u201318:00<br>\npi\u0105tek\t09:00\u201318:00<br>\nsobota\tZamkni\u0119te<br>\nniedziela\tZamkni\u0119te<br>\n<\/div><\/div>\n<\/div><\/div>\n<\/div><\/div>\n<\/div><\/div>\n","protected":false},"excerpt":{"rendered":"","protected":false},"author":1,"featured_media":0,"parent":0,"menu_order":0,"comment_status":"closed","ping_status":"closed","template":"","meta":{"_coblocks_attr":"","_coblocks_dimensions":"","_coblocks_responsive_height":"","_coblocks_accordion_ie_support":"","hide_page_title":"","footnotes":""},"class_list":["post-7","page","type-page","status-publish","hentry"],"featured_image_src":null,"featured_image_src_square":null,"_links":{"self":[{"href":"https:\/\/kseroreda.pl\/index.php\/wp-json\/wp\/v2\/pages\/7","targetHints":{"allow":["GET"]}}],"collection":[{"href":"https:\/\/kseroreda.pl\/index.php\/wp-json\/wp\/v2\/pages"}],"about":[{"href":"https:\/\/kseroreda.pl\/index.php\/wp-json\/wp\/v2\/types\/page"}],"author":[{"embeddable":true,"href":"https:\/\/kseroreda.pl\/index.php\/wp-json\/wp\/v2\/users\/1"}],"replies":[{"embeddable":true,"href":"https:\/\/kseroreda.pl\/index.php\/wp-json\/wp\/v2\/comments?post=7"}],"version-history":[{"count":68,"href":"https:\/\/kseroreda.pl\/index.php\/wp-json\/wp\/v2\/pages\/7\/revisions"}],"predecessor-version":[{"id":288,"href":"https:\/\/kseroreda.pl\/index.php\/wp-json\/wp\/v2\/pages\/7\/revisions\/288"}],"wp:attachment":[{"href":"https:\/\/kseroreda.pl\/index.php\/wp-json\/wp\/v2\/media?parent=7"}],"curies":[{"name":"wp","href":"https:\/\/api.w.org\/{rel}","templated":true}]}}